{"id":2054,"date":"2024-04-25T11:02:04","date_gmt":"2024-04-25T09:02:04","guid":{"rendered":"https:\/\/www.agri-pdb.org\/resources\/compromiso-de-las-agri-pdb-con-la-agroecologia-sintesis\/"},"modified":"2024-10-25T10:12:27","modified_gmt":"2024-10-25T08:12:27","slug":"compromiso-de-las-agri-pdb-con-la-agroecologia-sintesis","status":"publish","type":"ressources","link":"https:\/\/www.agri-pdb.org\/es\/recursos\/compromiso-de-las-agri-pdb-con-la-agroecologia-sintesis\/","title":{"rendered":"Compromiso de las Agri-PDB con la agroecolog\u00eda (S\u00edntesis)"},"excerpt":{"rendered":"","protected":false},"featured_media":1478,"template":"","types-media-ressources":[8],"thematics-ressources":[126],"acf":[],"yoast_head":"<!-- This site is optimized with the Yoast SEO plugin v22.3 - https:\/\/yoast.com\/wordpress\/plugins\/seo\/ -->\n<title>Compromiso de las Agri-PDB con la agroecolog\u00eda (S\u00edntesis) - Agri-PDB<\/title>\n<meta name=\"description\" content=\"Descubra c\u00f3mo los Bancos P\u00fablicos de Desarrollo Agr\u00edcola se est\u00e1n comprometiendo con la agroecolog\u00eda, fomentando pr\u00e1cticas agr\u00edcolas sostenibles en todo el mundo. Explore las ideas clave de las sesiones del Grupo de Trabajo celebradas por el FIDA, la AFD y sus socios, profundizando en las estrategias, los desaf\u00edos y las historias de \u00e9xito en la integraci\u00f3n de la agroecolog\u00eda en los modelos de financiaci\u00f3n agr\u00edcola.\" \/>\n<meta name=\"robots\" content=\"index, follow, max-snippet:-1, max-image-preview:large, max-video-preview:-1\" \/>\n<link rel=\"canonical\" href=\"https:\/\/www.agri-pdb.org\/es\/recursos\/compromiso-de-las-agri-pdb-con-la-agroecologia-sintesis\/\" \/>\n<meta property=\"og:locale\" content=\"es_ES\" \/>\n<meta property=\"og:type\" content=\"article\" \/>\n<meta property=\"og:title\" content=\"Compromiso de las Agri-PDB con la agroecolog\u00eda (S\u00edntesis) - Agri-PDB\" \/>\n<meta property=\"og:description\" content=\"Descubra c\u00f3mo los Bancos P\u00fablicos de Desarrollo Agr\u00edcola se est\u00e1n comprometiendo con la agroecolog\u00eda, fomentando pr\u00e1cticas agr\u00edcolas sostenibles en todo el mundo. Explore las ideas clave de las sesiones del Grupo de Trabajo celebradas por el FIDA, la AFD y sus socios, profundizando en las estrategias, los desaf\u00edos y las historias de \u00e9xito en la integraci\u00f3n de la agroecolog\u00eda en los modelos de financiaci\u00f3n agr\u00edcola.\" \/>\n<meta property=\"og:url\" content=\"https:\/\/www.agri-pdb.org\/es\/recursos\/compromiso-de-las-agri-pdb-con-la-agroecologia-sintesis\/\" \/>\n<meta property=\"og:site_name\" content=\"Agri-PDB\" \/>\n<meta property=\"article:modified_time\" content=\"2024-10-25T08:12:27+00:00\" \/>\n<meta property=\"og:image\" content=\"https:\/\/www.agri-pdb.org\/wp-content\/uploads\/2024\/04\/etienne-girardet-ixw2vczobi-unsplash-scaled.jpg\" \/>\n\t<meta property=\"og:image:width\" content=\"2560\" \/>\n\t<meta property=\"og:image:height\" content=\"1703\" \/>\n\t<meta property=\"og:image:type\" content=\"image\/jpeg\" \/>\n<meta name=\"twitter:card\" content=\"summary_large_image\" \/>\n<meta name=\"twitter:label1\" content=\"Est. reading time\" \/>\n\t<meta name=\"twitter:data1\" content=\"1 minuto\" \/>\n<script type=\"application\/ld+json\" class=\"yoast-schema-graph\">{\"@context\":\"https:\/\/schema.org\",\"@graph\":[{\"@type\":\"WebPage\",\"@id\":\"https:\/\/www.agri-pdb.org\/es\/recursos\/compromiso-de-las-agri-pdb-con-la-agroecologia-sintesis\/\",\"url\":\"https:\/\/www.agri-pdb.org\/es\/recursos\/compromiso-de-las-agri-pdb-con-la-agroecologia-sintesis\/\",\"name\":\"Compromiso de las Agri-PDB con la agroecolog\u00eda (S\u00edntesis) - Agri-PDB\",\"isPartOf\":{\"@id\":\"https:\/\/www.agri-pdb.org\/es\/#website\"},\"primaryImageOfPage\":{\"@id\":\"https:\/\/www.agri-pdb.org\/es\/recursos\/compromiso-de-las-agri-pdb-con-la-agroecologia-sintesis\/#primaryimage\"},\"image\":{\"@id\":\"https:\/\/www.agri-pdb.org\/es\/recursos\/compromiso-de-las-agri-pdb-con-la-agroecologia-sintesis\/#primaryimage\"},\"thumbnailUrl\":\"https:\/\/www.agri-pdb.org\/wp-content\/uploads\/2024\/04\/etienne-girardet-ixw2vczobi-unsplash-scaled.jpg\",\"datePublished\":\"2024-04-25T09:02:04+00:00\",\"dateModified\":\"2024-10-25T08:12:27+00:00\",\"description\":\"Descubra c\u00f3mo los Bancos P\u00fablicos de Desarrollo Agr\u00edcola se est\u00e1n comprometiendo con la agroecolog\u00eda, fomentando pr\u00e1cticas agr\u00edcolas sostenibles en todo el mundo. Explore las ideas clave de las sesiones del Grupo de Trabajo celebradas por el FIDA, la AFD y sus socios, profundizando en las estrategias, los desaf\u00edos y las historias de \u00e9xito en la integraci\u00f3n de la agroecolog\u00eda en los modelos de financiaci\u00f3n agr\u00edcola.\",\"breadcrumb\":{\"@id\":\"https:\/\/www.agri-pdb.org\/es\/recursos\/compromiso-de-las-agri-pdb-con-la-agroecologia-sintesis\/#breadcrumb\"},\"inLanguage\":\"es\",\"potentialAction\":[{\"@type\":\"ReadAction\",\"target\":[\"https:\/\/www.agri-pdb.org\/es\/recursos\/compromiso-de-las-agri-pdb-con-la-agroecologia-sintesis\/\"]}]},{\"@type\":\"ImageObject\",\"inLanguage\":\"es\",\"@id\":\"https:\/\/www.agri-pdb.org\/es\/recursos\/compromiso-de-las-agri-pdb-con-la-agroecologia-sintesis\/#primaryimage\",\"url\":\"https:\/\/www.agri-pdb.org\/wp-content\/uploads\/2024\/04\/etienne-girardet-ixw2vczobi-unsplash-scaled.jpg\",\"contentUrl\":\"https:\/\/www.agri-pdb.org\/wp-content\/uploads\/2024\/04\/etienne-girardet-ixw2vczobi-unsplash-scaled.jpg\",\"width\":2560,\"height\":1703},{\"@type\":\"BreadcrumbList\",\"@id\":\"https:\/\/www.agri-pdb.org\/es\/recursos\/compromiso-de-las-agri-pdb-con-la-agroecologia-sintesis\/#breadcrumb\",\"itemListElement\":[{\"@type\":\"ListItem\",\"position\":1,\"name\":\"Home\",\"item\":\"https:\/\/www.agri-pdb.org\/es\/\"},{\"@type\":\"ListItem\",\"position\":2,\"name\":\"Resources\",\"item\":\"https:\/\/www.agri-pdb.org\/es\/recursos\/\"},{\"@type\":\"ListItem\",\"position\":3,\"name\":\"Compromiso de las Agri-PDB con la agroecolog\u00eda (S\u00edntesis)\"}]},{\"@type\":\"WebSite\",\"@id\":\"https:\/\/www.agri-pdb.org\/es\/#website\",\"url\":\"https:\/\/www.agri-pdb.org\/es\/\",\"name\":\"Agri-PDB\",\"description\":\"\",\"potentialAction\":[{\"@type\":\"SearchAction\",\"target\":{\"@type\":\"EntryPoint\",\"urlTemplate\":\"https:\/\/www.agri-pdb.org\/es\/?s={search_term_string}\"},\"query-input\":\"required name=search_term_string\"}],\"inLanguage\":\"es\"}]}<\/script>\n<!-- \/ Yoast SEO plugin. -->","yoast_head_json":{"title":"Compromiso de las Agri-PDB con la agroecolog\u00eda (S\u00edntesis) - Agri-PDB","description":"Descubra c\u00f3mo los Bancos P\u00fablicos de Desarrollo Agr\u00edcola se est\u00e1n comprometiendo con la agroecolog\u00eda, fomentando pr\u00e1cticas agr\u00edcolas sostenibles en todo el mundo. Explore las ideas clave de las sesiones del Grupo de Trabajo celebradas por el FIDA, la AFD y sus socios, profundizando en las estrategias, los desaf\u00edos y las historias de \u00e9xito en la integraci\u00f3n de la agroecolog\u00eda en los modelos de financiaci\u00f3n agr\u00edcola.","robots":{"index":"index","follow":"follow","max-snippet":"max-snippet:-1","max-image-preview":"max-image-preview:large","max-video-preview":"max-video-preview:-1"},"canonical":"https:\/\/www.agri-pdb.org\/es\/recursos\/compromiso-de-las-agri-pdb-con-la-agroecologia-sintesis\/","og_locale":"es_ES","og_type":"article","og_title":"Compromiso de las Agri-PDB con la agroecolog\u00eda (S\u00edntesis) - Agri-PDB","og_description":"Descubra c\u00f3mo los Bancos P\u00fablicos de Desarrollo Agr\u00edcola se est\u00e1n comprometiendo con la agroecolog\u00eda, fomentando pr\u00e1cticas agr\u00edcolas sostenibles en todo el mundo. Explore las ideas clave de las sesiones del Grupo de Trabajo celebradas por el FIDA, la AFD y sus socios, profundizando en las estrategias, los desaf\u00edos y las historias de \u00e9xito en la integraci\u00f3n de la agroecolog\u00eda en los modelos de financiaci\u00f3n agr\u00edcola.","og_url":"https:\/\/www.agri-pdb.org\/es\/recursos\/compromiso-de-las-agri-pdb-con-la-agroecologia-sintesis\/","og_site_name":"Agri-PDB","article_modified_time":"2024-10-25T08:12:27+00:00","og_image":[{"width":2560,"height":1703,"url":"https:\/\/www.agri-pdb.org\/wp-content\/uploads\/2024\/04\/etienne-girardet-ixw2vczobi-unsplash-scaled.jpg","type":"image\/jpeg"}],"twitter_card":"summary_large_image","twitter_misc":{"Est. reading time":"1 minuto"},"schema":{"@context":"https:\/\/schema.org","@graph":[{"@type":"WebPage","@id":"https:\/\/www.agri-pdb.org\/es\/recursos\/compromiso-de-las-agri-pdb-con-la-agroecologia-sintesis\/","url":"https:\/\/www.agri-pdb.org\/es\/recursos\/compromiso-de-las-agri-pdb-con-la-agroecologia-sintesis\/","name":"Compromiso de las Agri-PDB con la agroecolog\u00eda (S\u00edntesis) - Agri-PDB","isPartOf":{"@id":"https:\/\/www.agri-pdb.org\/es\/#website"},"primaryImageOfPage":{"@id":"https:\/\/www.agri-pdb.org\/es\/recursos\/compromiso-de-las-agri-pdb-con-la-agroecologia-sintesis\/#primaryimage"},"image":{"@id":"https:\/\/www.agri-pdb.org\/es\/recursos\/compromiso-de-las-agri-pdb-con-la-agroecologia-sintesis\/#primaryimage"},"thumbnailUrl":"https:\/\/www.agri-pdb.org\/wp-content\/uploads\/2024\/04\/etienne-girardet-ixw2vczobi-unsplash-scaled.jpg","datePublished":"2024-04-25T09:02:04+00:00","dateModified":"2024-10-25T08:12:27+00:00","description":"Descubra c\u00f3mo los Bancos P\u00fablicos de Desarrollo Agr\u00edcola se est\u00e1n comprometiendo con la agroecolog\u00eda, fomentando pr\u00e1cticas agr\u00edcolas sostenibles en todo el mundo. Explore las ideas clave de las sesiones del Grupo de Trabajo celebradas por el FIDA, la AFD y sus socios, profundizando en las estrategias, los desaf\u00edos y las historias de \u00e9xito en la integraci\u00f3n de la agroecolog\u00eda en los modelos de financiaci\u00f3n agr\u00edcola.","breadcrumb":{"@id":"https:\/\/www.agri-pdb.org\/es\/recursos\/compromiso-de-las-agri-pdb-con-la-agroecologia-sintesis\/#breadcrumb"},"inLanguage":"es","potentialAction":[{"@type":"ReadAction","target":["https:\/\/www.agri-pdb.org\/es\/recursos\/compromiso-de-las-agri-pdb-con-la-agroecologia-sintesis\/"]}]},{"@type":"ImageObject","inLanguage":"es","@id":"https:\/\/www.agri-pdb.org\/es\/recursos\/compromiso-de-las-agri-pdb-con-la-agroecologia-sintesis\/#primaryimage","url":"https:\/\/www.agri-pdb.org\/wp-content\/uploads\/2024\/04\/etienne-girardet-ixw2vczobi-unsplash-scaled.jpg","contentUrl":"https:\/\/www.agri-pdb.org\/wp-content\/uploads\/2024\/04\/etienne-girardet-ixw2vczobi-unsplash-scaled.jpg","width":2560,"height":1703},{"@type":"BreadcrumbList","@id":"https:\/\/www.agri-pdb.org\/es\/recursos\/compromiso-de-las-agri-pdb-con-la-agroecologia-sintesis\/#breadcrumb","itemListElement":[{"@type":"ListItem","position":1,"name":"Home","item":"https:\/\/www.agri-pdb.org\/es\/"},{"@type":"ListItem","position":2,"name":"Resources","item":"https:\/\/www.agri-pdb.org\/es\/recursos\/"},{"@type":"ListItem","position":3,"name":"Compromiso de las Agri-PDB con la agroecolog\u00eda (S\u00edntesis)"}]},{"@type":"WebSite","@id":"https:\/\/www.agri-pdb.org\/es\/#website","url":"https:\/\/www.agri-pdb.org\/es\/","name":"Agri-PDB","description":"","potentialAction":[{"@type":"SearchAction","target":{"@type":"EntryPoint","urlTemplate":"https:\/\/www.agri-pdb.org\/es\/?s={search_term_string}"},"query-input":"required name=search_term_string"}],"inLanguage":"es"}]}},"_links":{"self":[{"href":"https:\/\/www.agri-pdb.org\/es\/wp-json\/wp\/v2\/ressources\/2054"}],"collection":[{"href":"https:\/\/www.agri-pdb.org\/es\/wp-json\/wp\/v2\/ressources"}],"about":[{"href":"https:\/\/www.agri-pdb.org\/es\/wp-json\/wp\/v2\/types\/ressources"}],"wp:featuredmedia":[{"embeddable":true,"href":"https:\/\/www.agri-pdb.org\/es\/wp-json\/wp\/v2\/media\/1478"}],"wp:attachment":[{"href":"https:\/\/www.agri-pdb.org\/es\/wp-json\/wp\/v2\/media?parent=2054"}],"wp:term":[{"taxonomy":"types-media-ressources","embeddable":true,"href":"https:\/\/www.agri-pdb.org\/es\/wp-json\/wp\/v2\/types-media-ressources?post=2054"},{"taxonomy":"thematics-ressources","embeddable":true,"href":"https:\/\/www.agri-pdb.org\/es\/wp-json\/wp\/v2\/thematics-ressources?post=2054"}],"curies":[{"name":"wp","href":"https:\/\/api.w.org\/{rel}","templated":true}]}}